{"id":23401,"date":"2026-02-17T12:42:34","date_gmt":"2026-02-17T11:42:34","guid":{"rendered":"https:\/\/www.neukoellneroper.de\/?page_id=23401"},"modified":"2026-02-17T12:43:46","modified_gmt":"2026-02-17T11:43:46","slug":"programmheft-1000-airplanes-on-the-roof","status":"publish","type":"page","link":"https:\/\/www.neukoellneroper.de\/en\/programmheft-1000-airplanes-on-the-roof\/","title":{"rendered":"Programmheft: 1000 Airplanes on the Roof"},"content":{"rendered":"\n<figure class=\"wp-block-image size-large\"><img width=\"1100\" height=\"733\" loading=\"lazy\"src=\"https:\/\/www.neukoellneroper.de\/wp-content\/uploads\/2025\/07\/Z9H4370-1100x733.jpg\" alt=\"\" class=\"wp-image-22164\" srcset=\"https:\/\/www.neukoellneroper.de\/wp-content\/uploads\/2025\/07\/Z9H4370-1100x733.jpg 1100w, https:\/\/www.neukoellneroper.de\/wp-content\/uploads\/2025\/07\/Z9H4370-768x512.jpg 768w, https:\/\/www.neukoellneroper.de\/wp-content\/uploads\/2025\/07\/Z9H4370-1536x1024.jpg 1536w, https:\/\/www.neukoellneroper.de\/wp-content\/uploads\/2025\/07\/Z9H4370-2048x1365.jpg 2048w, https:\/\/www.neukoellneroper.de\/wp-content\/uploads\/2025\/07\/Z9H4370-50x33.jpg 50w\" sizes=\"auto, (max-width: 1100px) 100vw, 1100px\" \/><figcaption class=\"wp-element-caption\">\u00a9Peter van Heesen<\/figcaption><\/figure>\n\n\n\n<div class=\"wp-block-accordion-widget allow-close-all\">\n<div class=\"wp-block-accordion-item\">\n<h2 class=\"wp-block-heading\">Introduction<\/h2>\n\n\n\n<div class=\"wp-block-accordion-item-content\">\n<p><strong>We Are All Constantly Transforming<\/strong><br><br>What happens when the godfather of Minimal Music \u2013 Philip Glass \u2013 composes a chamber opera with an alien, that material is reinterpreted from a queer perspective, and brought to the stage with an all-female FLINTA+ cast? For director Paige Eakin Young, it was clear from the very beginning: no classic sci-fi story and not some metaphor for our society. Rather, an erotic space opera about love, care, vulnerability, visibility, and T4T \u2013 created by an exclusively FLINTA+ ensemble together with performer and musician <strong>Mara Snip <\/strong>as close accomplice.<br><br><strong>T4ET<\/strong><br><br>T4T (Trans for Trans) is an abbreviation that emerged in the 2000s in personal ads on Craigslist. Initially used to describe desire and romantic relationships between trans people, T4T is now used in a much broader sense to describe all the ways trans people love, support, connect with, and care for one another \u2013 in a world that is often hostile and violent toward trans people.<br><br>T4T also encapsulates what director Paige Eakin Young and performer and co-creator Mara Snip, both trans women, aim to achieve with their interpretation of Philip Glass and David Henry Hwang\u2019s <em>1000 Airplanes on the Roof<\/em>:<br>\u201cI wanted to see myself on stage, to somehow see my own experiences reflected. To see a trans body I can identify with,\u201d says Paige Eakin Young. \u201cThis piece is T4T because it\u2019s a collaboration between Mara and me, but also because we shaped it (on a certain level) to reflect the love and care we ourselves have experienced from the queer and transgender community. It\u2019s about connection, longing, and recognition \u2013 with plenty of desire and, very importantly: aliens. So ultimately, it\u2019s T4ET!\u201d<br><br><em>1000 Airplanes on the Roof<\/em> premiered in 1988 and portrays a woman named M. who is abducted by aliens. M. recounts her encounters in the form of spoken text layered over Philip Glass\u2019s repetitive, minimalist composition. Paige Eakin Young describes her approach: \u201cWhen I began working on the piece, I had very different ideas about what I wanted to do with it. After casting Mara, I had to let go of those ideas and rethink everything together with her. Her practice as a performer became the starting point and anchor of my staging. The more Mara brought her own story into it, the more I was able to recognize myself in the piece.\u201d<br><br><strong>Connection and Mutual Understanding<\/strong><br><br>Mara and Paige became friends during rehearsals. A collaboration developed that was new for both of them.<br>As Mara Snip describes: \u201cOur connection and mutual understanding are the heart of the performance. My work always grows out of deep personal experience, and I\u2019m used to sharing that with the audience. My strength is my vulnerability \u2013 which can also feel very lonely. In this piece, I don\u2019t have to carry everything alone. Paige is there to catch and hold me. I deeply appreciate that Paige sees me and that we tell this powerful story together. We share the same vision, but we can also both be quite stubborn. I trust Paige; I can be honest. We can both say, \u2018That doesn\u2019t work. Wait, let me try this.\u2019 There\u2019s a constant exchange, which brings me great joy.\u201d<br><br>This joy is shared by Paige Eakin Young: \u201cWe often joke that the piece is an intergalactic lesbian space opera. But there\u2019s truth in that. There\u2019s a lot of power in being desired. In being accepted. Through intimacy. Mara is incredibly hot on stage. She\u2019s generous and truly shows herself in vulnerability.\u201d The production is about witnessing and being seen \u2013 thematically, but even more so in how it challenges the audience\u2019s perspective. How \u2013 and whom \u2013 do we desire? What do we perceive as foreign or other? And what does that reveal about our own perspective?<br><br>Mara concludes: \u201cOnly through the queer community and the lived experiences of trans people can I now see myself. It\u2019s about unlearning the cis perspective. If you ask me, we are all constantly transforming \u2014 and isn\u2019t that the beauty of life?\u201d<\/p>\n\n\n\n<div style=\"height:25px\" aria-hidden=\"true\" class=\"wp-block-spacer\"><\/div>\n<\/div>\n<\/div>\n\n\n\n<div class=\"wp-block-accordion-item\">\n<h2 class=\"wp-block-heading\">Musical Arrangement<\/h2>\n\n\n\n<div class=\"wp-block-accordion-item-content\">\n<p>Our concept for 1000 AIRPLANES ON THE ROOF was fundamentally shaped by the decision to cast Mara Snip in the leading role. After director Paige Eakin Young saw one of Mara Snip\u2019s solo performances in Rotterdam, she decided to place Mara at the center of the production: Mara\u2019s personal story as a trans woman, as well as the beauty of her voice, which she layers using a loop station, thereby creating a kind of transcendent harmony (modern minimalism!).<\/p>\n\n\n\n<p>The original score calls for a soprano who essentially functions as an instrument within the orchestra. In our version, the soprano \u2013 Sarah Bodle \u2013 becomes a fully developed character: an alien being who calls to Mara and helps her uncover the truth about herself. It was exciting for me to develop this character collaboratively in the rehearsal room \u2013 musically as well \u2013 exploring how she \u201cspeaks\u201d or sings, especially since the score provides very few musical directions for the soprano part, let alone the libretto. We experimented with different vowels, vocal qualities, and dynamics to discover how the alien communicates with and connects to Mara in various moments.<\/p>\n\n\n\n<p>Finally, we expanded the team to include a five-member FLINTA* orchestra featuring two synthesizers and a wide range of woodwind instruments. Minimal music begins with very small and seemingly simple musical components \u2013 a sequence of block chords, an arpeggio, a short melody \u2013 and gradually develops through repetition, layering, and looping into a complex structure that repeatedly disrupts our expectations, for example through irregular phrasing and shifting meters.<\/p>\n\n\n\n<p>One of the greatest paradoxes in performing this minimalist score is that the musicians must remain highly concentrated and count meticulously in order to transport the audience into a kind of trance \u2013 to make them \u201ctake off.\u201d We focus intensely so that the audience can fully surrender to the music and blissfully lose track of time and space. The result feels more like a rock concert than an opera, especially when we turn up the bass in the final sequence \u2013 the encounter with the aliens.<\/p>\n\n\n\n<p>Turn off your phones for an hour and join us on an intergalactic journey!<\/p>\n\n\n\n<div style=\"height:25px\" aria-hidden=\"true\" class=\"wp-block-spacer\"><\/div>\n<\/div>\n<\/div>\n\n\n\n<div class=\"wp-block-accordion-item\">\n<h2 class=\"wp-block-heading\">Team<\/h2>\n\n\n\n<div class=\"wp-block-accordion-item-content\">\n<p class=\"has-fcfc-7-f-background-color has-background\"><strong>DIRECTION<\/strong> Paige Eakin Young <strong>CO-DIRECTION<\/strong> Mara Snip <strong>COMPOSITION<\/strong> Philip Glass <strong>TEXT<\/strong> David Henry Hwang <strong>MUSICAL DIRECTION<\/strong> Sarah Taylor Ellis <strong>CHOREOGRAPHY <\/strong>Julia B. Laperri\u00e8re, Friederike Heine <strong>DRAMATURGY <\/strong>Anne van de Wetering <strong>SET DESIGN<\/strong> Ana Ines Jabares-Pita <strong>LIGHT DESIGN <\/strong>Catalina Fernandez <strong>ASSSISTANT DIRECTOR \/ PRODUCTION MANAGEMENT<\/strong> Anika Stauch \/ Morghan Welt<\/p>\n\n\n\n<p class=\"has-fcfc-7-f-background-color has-background\"><strong>WITH<\/strong> Mara Snip and Sarah Bodle as well as musicians Sarah Taylor Ellis, Karola El\u00dfner, Alba Gentili-Tedeschi, Holly Volker Schlott and Rachel Susser<\/p>\n\n\n\n<p class=\"has-fcfc-7-f-background-color has-background\"><strong>TECHNICHAL PRODUCTION MANAGEMENT <\/strong>Helmut Topp <strong>SOUND<\/strong> Ronald D\u00e1vila D\u00e1vila <strong>LIGHT <\/strong>Ralf Arndt <strong>EVENT MANAGEMENT SOUND<\/strong> S\u00f6ren Schwedler, Sebastian Vivas, Klim Losovsky, Ronald D\u00e1vila D\u00e1vila, Michael Tuttle, Stefan van Burg <strong>EVENT MANAGEMENT LIGHT <\/strong>Ralf Arndt, Moritz Meyer, Jens Tuch <strong>STAGE CONSTRUCTION<\/strong> Gregor von Glinski, Marc Schulze, Rui Wegener, Ralf Mauelshagen, Pet Bartl-Zuba, Anne Wundrak <strong>COSTUME<\/strong> Christina K\u00e4mper (Leitung), Kathy Tomkins <strong>ARRANGEMENT SURTITLES <\/strong>Ren\u00e9e Stulz <strong>OPERATOR SURTITLES<\/strong> Ren\u00e9e Stulz, Kathrin Grzeschniok, Anaise Kliemann, Lena Wetzel <strong>MAKE-UP DESIGN<\/strong> Anne-Claire Meyer <strong>STAGE MANAGEMENT<\/strong> Sophie Reavley, Regina Triebel <strong>SERVICE Management <\/strong>Vanda Hehr<\/p>\n\n\n\n<div style=\"height:25px\" aria-hidden=\"true\" class=\"wp-block-spacer\"><\/div>\n<\/div>\n<\/div>\n\n\n\n<div class=\"wp-block-accordion-item\">\n<h2 class=\"wp-block-heading\">BIOGRAphys<\/h2>\n\n\n\n<div class=\"wp-block-accordion-item-content\">\n<div class=\"wp-block-accordion-widget allow-close-all\">\n<div class=\"wp-block-accordion-item\">\n<h2 class=\"wp-block-heading\">Paige Eakin Young&nbsp;|&nbsp;DIRECTION<\/h2>\n\n\n\n<div class=\"wp-block-accordion-item-content\"><div class=\"wp-block-image is-style-rounded\">\n<figure class=\"aligncenter size-full\"><img width=\"1736\" height=\"2315\" loading=\"lazy\"src=\"https:\/\/www.neukoellneroper.de\/wp-content\/uploads\/2025\/10\/Paige-Eakin-Youngkl.jpg\" alt=\"\" class=\"wp-image-22177\" srcset=\"https:\/\/www.neukoellneroper.de\/wp-content\/uploads\/2025\/10\/Paige-Eakin-Youngkl.jpg 1736w, https:\/\/www.neukoellneroper.de\/wp-content\/uploads\/2025\/10\/Paige-Eakin-Youngkl-1100x1467.jpg 1100w, https:\/\/www.neukoellneroper.de\/wp-content\/uploads\/2025\/10\/Paige-Eakin-Youngkl-768x1024.jpg 768w, https:\/\/www.neukoellneroper.de\/wp-content\/uploads\/2025\/10\/Paige-Eakin-Youngkl-1152x1536.jpg 1152w, https:\/\/www.neukoellneroper.de\/wp-content\/uploads\/2025\/10\/Paige-Eakin-Youngkl-1536x2048.jpg 1536w, https:\/\/www.neukoellneroper.de\/wp-content\/uploads\/2025\/10\/Paige-Eakin-Youngkl-37x50.jpg 37w\" sizes=\"auto, (max-width: 1736px) 100vw, 1736px\" \/><\/figure>\n<\/div>\n\n\n<p>Paige is a Canadian-born director and creative storyteller based in London. She specializes in interdisciplinary projects, particularly music- and sound-based storytelling.<\/p>\n\n\n\n<p>As a director, her work combines a refined, minimalist visual aesthetic with rich sound design and layered musical dramaturgy. She works across opera, music theatre, staged concerts, live performance, and text-based theatre.<\/p>\n\n\n\n<p>As a writer, she creates sound-theatre works and installations in collaboration with a core team of creative partners, combining music, dance, text, and visual imagery.<\/p>\n\n\n\n<p>As a collaborator, Paige works as a dramaturg and artistic facilitator. She supports artists and companies in developing interdisciplinary projects, builds relationships between artistic partners, and helps shape creative processes with a focus on conceptual clarity and storytelling.<\/p>\n\n\n\n<p>From 2007 to 2019, Paige served as Artistic Director of ERRATICA. She has collaborated with the Royal Opera House, the Guildhall School of Music and Drama, the Victoria and Albert Museum, the Coronet Theatre, and the Metropolitan Museum of Art, among others. Her productions and projects have been presented in New York, Toronto, London, Edinburgh, Rotterdam, and Leipzig.<\/p>\n\n\n\n<div style=\"height:25px\" aria-hidden=\"true\" class=\"wp-block-spacer\"><\/div>\n<\/div>\n<\/div>\n\n\n\n<div class=\"wp-block-accordion-item\">\n<h2 class=\"wp-block-heading\">SarAH Taylor Ellis&nbsp;|&nbsp;musiCal Direction \/ Arrangement<\/h2>\n\n\n\n<div class=\"wp-block-accordion-item-content\"><div class=\"wp-block-image is-style-rounded\">\n<figure class=\"aligncenter size-full\"><img width=\"1350\" height=\"1080\" loading=\"lazy\"src=\"https:\/\/www.neukoellneroper.de\/wp-content\/uploads\/2025\/10\/Portrait-Sarah-Taylor-Ellis.jpeg\" alt=\"\" class=\"wp-image-22183\" srcset=\"https:\/\/www.neukoellneroper.de\/wp-content\/uploads\/2025\/10\/Portrait-Sarah-Taylor-Ellis.jpeg 1350w, https:\/\/www.neukoellneroper.de\/wp-content\/uploads\/2025\/10\/Portrait-Sarah-Taylor-Ellis-1100x880.jpeg 1100w, https:\/\/www.neukoellneroper.de\/wp-content\/uploads\/2025\/10\/Portrait-Sarah-Taylor-Ellis-768x614.jpeg 768w, https:\/\/www.neukoellneroper.de\/wp-content\/uploads\/2025\/10\/Portrait-Sarah-Taylor-Ellis-50x40.jpeg 50w\" sizes=\"auto, (max-width: 1350px) 100vw, 1350px\" \/><\/figure>\n<\/div>\n\n\n<p>\u201cFrozen meets Kurt Weill\u201d (<em>Nachtkritik<\/em>). Whether collaborating on an original musical for an inclusive theatre in Berlin or composing an anthem for a women\u2019s choir marching through New York, composer and conductor Sarah Taylor Ellis seeks to embrace the inherent hybridity and multiplicity of music theatre as an art form.<\/p>\n\n\n\n<p>Sarah\u2019s 2025\u201326 season includes the musical direction of Philip Glass\u2019 <em>1000 AIRPLANES ON THE ROOF<\/em> at the Neuk\u00f6llner Oper, composing for Miranda July\u2019s <em>Auf allen Vieren<\/em> at Sophiensaele, and the premiere of her indie-folk musical <em>Die Mitte der Welt<\/em> at the Landestheater Linz.<\/p>\n\n\n\n<p>Sarah is a regular collaborator with the music theatre collective glanz&amp;krawall. Following a critically acclaimed and sold-out world premiere in 2024, her bureaucracy musical <em>Die T\u00fcten aus der Verwaltung<\/em>, created with Theater Thikwa, will be presented at the Politik im Freien Theater festival in 2025 and will return to Thikwa in November and March.<\/p>\n\n\n\n<p>Sarah\u2019s hybrid opera-musical <em>Die Troerinnen<\/em> received an OPERA America Discovery Grant, and she was awarded the Goldene Feder for her outstanding teaching and mentorship of students in music theatre studies at the University of Bayreuth. She holds a Ph.D. in Theater and Performance Studies from University of California Los Angeles and a B.A. in Theater Studies\/Music and English from Duke University. She holds dual German and U.S. citizenship.<\/p>\n\n\n\n<p><a href=\"http:\/\/www.staylorellis.com\">www.staylorellis.com<\/a><\/p>\n\n\n\n<div style=\"height:25px\" aria-hidden=\"true\" class=\"wp-block-spacer\"><\/div>\n<\/div>\n<\/div>\n\n\n\n<div class=\"wp-block-accordion-item\">\n<h2 class=\"wp-block-heading\">Anne van de wetering | dramaturgY<\/h2>\n\n\n\n<div class=\"wp-block-accordion-item-content\"><div class=\"wp-block-image is-style-rounded\">\n<figure class=\"aligncenter size-full\"><img width=\"1265\" height=\"1002\" loading=\"lazy\"src=\"https:\/\/www.neukoellneroper.de\/wp-content\/uploads\/2025\/09\/Anne_MKF85841.jpeg\" alt=\"\" class=\"wp-image-21960\" srcset=\"https:\/\/www.neukoellneroper.de\/wp-content\/uploads\/2025\/09\/Anne_MKF85841.jpeg 1265w, https:\/\/www.neukoellneroper.de\/wp-content\/uploads\/2025\/09\/Anne_MKF85841-1100x871.jpeg 1100w, https:\/\/www.neukoellneroper.de\/wp-content\/uploads\/2025\/09\/Anne_MKF85841-768x608.jpeg 768w, https:\/\/www.neukoellneroper.de\/wp-content\/uploads\/2025\/09\/Anne_MKF85841-50x40.jpeg 50w\" sizes=\"auto, (max-width: 1265px) 100vw, 1265px\" \/><\/figure>\n<\/div>\n\n\n<p>Anne van de Wetering (b. 1987) is a dramaturg, writer, and program curator. After studying Literature and Performance Studies at the University of Amsterdam and the Freie Universit\u00e4t Berlin, she worked for festivals such as Oerol Festival, O Festival Rotterdam, and Tilt Literary Festival.<\/p>\n\n\n\n<p>As in-house dramaturg and librettist for the Rotterdam music and performance collective Club Gewalt and the Neuk\u00f6llner Oper, she embodies her deep love for storytelling, a strong aversion to injustice, and a keen interest in collective and collaborative working methods.<\/p>\n\n\n\n<p>She lives in Rotterdam with her cat and an extensive collection of science fiction and fantasy books.<\/p>\n\n\n\n<div style=\"height:25px\" aria-hidden=\"true\" class=\"wp-block-spacer\"><\/div>\n<\/div>\n<\/div>\n<\/div>\n\n\n\n<div class=\"wp-block-accordion-widget open-first\">\n<div class=\"wp-block-accordion-item\">\n<h2 class=\"wp-block-heading\">ana In\u00e9s Jabares-Pita&nbsp;| Set Design<\/h2>\n\n\n\n<div class=\"wp-block-accordion-item-content\">\n<figure class=\"wp-block-image size-large\"><img width=\"1100\" height=\"1467\" loading=\"lazy\"src=\"https:\/\/www.neukoellneroper.de\/wp-content\/uploads\/2025\/10\/Ana-Headshot-June-22-1100x1467.jpg\" alt=\"\" class=\"wp-image-22184\" srcset=\"https:\/\/www.neukoellneroper.de\/wp-content\/uploads\/2025\/10\/Ana-Headshot-June-22-1100x1467.jpg 1100w, https:\/\/www.neukoellneroper.de\/wp-content\/uploads\/2025\/10\/Ana-Headshot-June-22-768x1024.jpg 768w, https:\/\/www.neukoellneroper.de\/wp-content\/uploads\/2025\/10\/Ana-Headshot-June-22-1152x1536.jpg 1152w, https:\/\/www.neukoellneroper.de\/wp-content\/uploads\/2025\/10\/Ana-Headshot-June-22-1536x2048.jpg 1536w, https:\/\/www.neukoellneroper.de\/wp-content\/uploads\/2025\/10\/Ana-Headshot-June-22-38x50.jpg 38w, https:\/\/www.neukoellneroper.de\/wp-content\/uploads\/2025\/10\/Ana-Headshot-June-22-scaled.jpg 1920w\" sizes=\"auto, (max-width: 1100px) 100vw, 1100px\" \/><\/figure>\n<\/div>\n<\/div>\n<\/div>\n\n\n\n<div class=\"wp-block-accordion-widget open-first\">\n<div class=\"wp-block-accordion-item\">\n<h2 class=\"wp-block-heading\">mara snip&nbsp;| m.&nbsp;\/ co-Direction<\/h2>\n\n\n\n<div class=\"wp-block-accordion-item-content\">\n<figure class=\"wp-block-image size-full\"><img width=\"414\" height=\"597\" loading=\"lazy\"src=\"https:\/\/www.neukoellneroper.de\/wp-content\/uploads\/2025\/09\/image-5.png\" alt=\"\" class=\"wp-image-21921\" srcset=\"https:\/\/www.neukoellneroper.de\/wp-content\/uploads\/2025\/09\/image-5.png 414w, https:\/\/www.neukoellneroper.de\/wp-content\/uploads\/2025\/09\/image-5-35x50.png 35w\" sizes=\"auto, (max-width: 414px) 100vw, 414px\" \/><\/figure>\n<\/div>\n<\/div>\n<\/div>\n\n\n\n<div class=\"wp-block-accordion-widget open-first\">\n<div class=\"wp-block-accordion-item\">\n<h2 class=\"wp-block-heading\">Sarah Bodle&nbsp;| sopranO<\/h2>\n\n\n\n<div class=\"wp-block-accordion-item-content\">\n<figure class=\"wp-block-image size-full\"><img width=\"1255\" height=\"1321\" loading=\"lazy\"src=\"https:\/\/www.neukoellneroper.de\/wp-content\/uploads\/2025\/10\/sarah-BodleK.jpg\" alt=\"\" class=\"wp-image-22189\" srcset=\"https:\/\/www.neukoellneroper.de\/wp-content\/uploads\/2025\/10\/sarah-BodleK.jpg 1255w, https:\/\/www.neukoellneroper.de\/wp-content\/uploads\/2025\/10\/sarah-BodleK-1100x1158.jpg 1100w, https:\/\/www.neukoellneroper.de\/wp-content\/uploads\/2025\/10\/sarah-BodleK-768x808.jpg 768w, https:\/\/www.neukoellneroper.de\/wp-content\/uploads\/2025\/10\/sarah-BodleK-48x50.jpg 48w\" sizes=\"auto, (max-width: 1255px) 100vw, 1255px\" \/><\/figure>\n<\/div>\n<\/div>\n<\/div>\n\n\n\n<p>1000 AIRPLANES ON THE ROOF is presented by  <img decoding=\"async\" width=\"150\" height=\"39\" loading=\"lazy\"class=\"wp-image-22206\" style=\"width: 150px;\" src=\"https:\/\/www.neukoellneroper.de\/wp-content\/uploads\/2025\/07\/Logo-SiegessaeuleWeb.png\" alt=\"\" srcset=\"https:\/\/www.neukoellneroper.de\/wp-content\/uploads\/2025\/07\/Logo-SiegessaeuleWeb.png 322w, https:\/\/www.neukoellneroper.de\/wp-content\/uploads\/2025\/07\/Logo-SiegessaeuleWeb-50x13.png 50w\" sizes=\"auto, (max-width: 150px) 100vw, 150px\" \/><\/p>\n<\/div>\n<\/div>\n<\/div>\n","protected":false},"excerpt":{"rendered":"","protected":false},"author":15,"featured_media":0,"parent":0,"menu_order":0,"comment_status":"closed","ping_status":"closed","template":"","meta":{"_teasertitle":"","_hidetitle":false,"_titletag":"","_marqueeTitle":false,"_subtitle":"","_locale":"en_US","_original_post":"https:\/\/www.neukoellneroper.de\/?page_id=22176","_onepager":[],"_onepager_single":false,"_pinkie_id":0,"footnotes":"","_post-color":[]},"class_list":["post-23401","page","type-page","status-publish","hentry","en-US"],"_links":{"self":[{"href":"https:\/\/www.neukoellneroper.de\/wp-json\/wp\/v2\/pages\/23401","targetHints":{"allow":["GET"]}}],"collection":[{"href":"https:\/\/www.neukoellneroper.de\/wp-json\/wp\/v2\/pages"}],"about":[{"href":"https:\/\/www.neukoellneroper.de\/wp-json\/wp\/v2\/types\/page"}],"author":[{"embeddable":true,"href":"https:\/\/www.neukoellneroper.de\/wp-json\/wp\/v2\/users\/15"}],"replies":[{"embeddable":true,"href":"https:\/\/www.neukoellneroper.de\/wp-json\/wp\/v2\/comments?post=23401"}],"version-history":[{"count":2,"href":"https:\/\/www.neukoellneroper.de\/wp-json\/wp\/v2\/pages\/23401\/revisions"}],"predecessor-version":[{"id":23407,"href":"https:\/\/www.neukoellneroper.de\/wp-json\/wp\/v2\/pages\/23401\/revisions\/23407"}],"wp:attachment":[{"href":"https:\/\/www.neukoellneroper.de\/wp-json\/wp\/v2\/media?parent=23401"}],"curies":[{"name":"wp","href":"https:\/\/api.w.org\/{rel}","templated":true}]}}