{"id":23637,"date":"2026-03-10T13:37:30","date_gmt":"2026-03-10T12:37:30","guid":{"rendered":"https:\/\/www.neukoellneroper.de\/?page_id=23637"},"modified":"2026-03-10T15:45:54","modified_gmt":"2026-03-10T14:45:54","slug":"programmheft-birth-factory","status":"publish","type":"page","link":"https:\/\/www.neukoellneroper.de\/en\/programmheft-birth-factory\/","title":{"rendered":"Programmheft: Birth Factory"},"content":{"rendered":"\n<figure class=\"wp-block-image size-large\"><img width=\"1100\" height=\"733\" loading=\"lazy\"src=\"https:\/\/www.neukoellneroper.de\/wp-content\/uploads\/2025\/12\/BIRTH-FACTORY_2026_Peter-van-Heesen-17-1100x733.jpg\" alt=\"\" class=\"wp-image-23647\" style=\"aspect-ratio:16\/9;object-fit:cover\" srcset=\"https:\/\/www.neukoellneroper.de\/wp-content\/uploads\/2025\/12\/BIRTH-FACTORY_2026_Peter-van-Heesen-17-1100x733.jpg 1100w, https:\/\/www.neukoellneroper.de\/wp-content\/uploads\/2025\/12\/BIRTH-FACTORY_2026_Peter-van-Heesen-17-768x512.jpg 768w, https:\/\/www.neukoellneroper.de\/wp-content\/uploads\/2025\/12\/BIRTH-FACTORY_2026_Peter-van-Heesen-17-1536x1024.jpg 1536w, https:\/\/www.neukoellneroper.de\/wp-content\/uploads\/2025\/12\/BIRTH-FACTORY_2026_Peter-van-Heesen-17-2048x1365.jpg 2048w, https:\/\/www.neukoellneroper.de\/wp-content\/uploads\/2025\/12\/BIRTH-FACTORY_2026_Peter-van-Heesen-17-50x33.jpg 50w\" sizes=\"auto, (max-width: 1100px) 100vw, 1100px\" \/><figcaption class=\"wp-element-caption\">\u00a9 Peter van Heesen<\/figcaption><\/figure>\n\n\n\n<p>Director, actress, and classically trained musician Anke Retzlaff&nbsp;\u2013&nbsp;acclaimed by cinema, television, and theater alike&nbsp;\u2013&nbsp;cuts a path through the thicket of audience voices together with her team. What is it about? The primal experience that connects us all: birth&nbsp;\u2013&nbsp;the most intensely intimate and at the same time socially monitored moment of life.<\/p>\n\n\n\n<figure class=\"wp-block-embed is-type-video is-provider-youtube wp-block-embed-youtube wp-embed-aspect-16-9 wp-has-aspect-ratio\"><div class=\"wp-block-embed__wrapper\">\n<iframe loading=\"lazy\" title=\"BIRTH FACTORY |  Eine elektronisch-barocke Konzertperformance von und mit Anke Retzlaff\" width=\"1680\" height=\"945\" src=\"https:\/\/www.youtube.com\/embed\/rOhf2BPnFwo?start=1&#038;feature=oembed\" frameborder=\"0\" allow=\"accelerometer; autoplay; clipboard-write; encrypted-media; gyroscope; picture-in-picture; web-share\" referrerpolicy=\"strict-origin-when-cross-origin\" allowfullscreen><\/iframe><section class=\"cookie-wall\"><h2 class=\"widget-title\">Here you will find content from an external source.<\/h2>\t\t\t<div class=\"textwidget\"><p>This website uses cookies &#8211; you can find more information about this and your rights as a user in our <a href=\"\/en\/datenschutz\/\">privacy policy<\/a> at the end of the page. Click on &#8220;I agree&#8221; to accept cookies and visit our website directly.<\/p>\n<p><a class=\"wp-block-button__link\" href=\"#CCM.openWidget\">Cookies bearbeiten<\/a><\/p>\n<p>&nbsp;<\/p>\n<\/div>\n\t\t<\/section>\n<\/div><figcaption class=\"wp-element-caption\">\u00a9 Heinz und Horst Filmproduktion\/with permission by Komischen Oper Berlin<\/figcaption><\/figure>\n\n\n\n<div style=\"height:25px\" aria-hidden=\"true\" class=\"wp-block-spacer\"><\/div>\n\n\n\n<div class=\"wp-block-accordion-widget allow-multiple allow-close-all\">\n<div class=\"wp-block-accordion-item\">\n<h2 class=\"wp-block-heading\">NO Interview<br><br>5 Questions to Anke Retzlaff<\/h2>\n\n\n\n<div class=\"wp-block-accordion-item-content\">\n<figure class=\"wp-block-image size-large\"><img width=\"1100\" height=\"733\" loading=\"lazy\"src=\"https:\/\/www.neukoellneroper.de\/wp-content\/uploads\/2025\/12\/BIRTH-FACTORY_2026_Peter-van-Heesen-14-1100x733.jpg\" alt=\"\" class=\"wp-image-23612\" style=\"aspect-ratio:16\/9;object-fit:cover\" srcset=\"https:\/\/www.neukoellneroper.de\/wp-content\/uploads\/2025\/12\/BIRTH-FACTORY_2026_Peter-van-Heesen-14-1100x733.jpg 1100w, https:\/\/www.neukoellneroper.de\/wp-content\/uploads\/2025\/12\/BIRTH-FACTORY_2026_Peter-van-Heesen-14-768x512.jpg 768w, https:\/\/www.neukoellneroper.de\/wp-content\/uploads\/2025\/12\/BIRTH-FACTORY_2026_Peter-van-Heesen-14-1536x1024.jpg 1536w, https:\/\/www.neukoellneroper.de\/wp-content\/uploads\/2025\/12\/BIRTH-FACTORY_2026_Peter-van-Heesen-14-2048x1365.jpg 2048w, https:\/\/www.neukoellneroper.de\/wp-content\/uploads\/2025\/12\/BIRTH-FACTORY_2026_Peter-van-Heesen-14-50x33.jpg 50w\" sizes=\"auto, (max-width: 1100px) 100vw, 1100px\" \/><figcaption class=\"wp-element-caption\">\u00a9 Peter van Heesen<\/figcaption><\/figure>\n\n\n\n<p><strong>NO<\/strong><br>Anke, how would you describe your artistic identity?<\/p>\n\n\n\n<p><strong>Anke Retzlaff<\/strong><br>I studied acting and have been working for a long time as an actress in film and television. Over time, I also started directing myself. Also, I have a background in classical musical education, and music has never quiet let go of me \u2013 on the contrary, it has been playing an increasingly important role in my recent projects. From this emerged this impulse to create my own performances and to negotiate my own themes on stage. This has become my way of bringing all of this together: my work is a search for the greatest possible hybrid of these narrative forms.<\/p>\n\n\n\n<p><strong>NO<\/strong><br>BIRTH FACTORY deals with the themes of pregnancy and birth. What interested you about this?<\/p>\n\n\n\n<p><strong>AR<\/strong><br>The experiences people have on the path toward or during pregnancy and birth are so intimate and existential. Yet many of these emotionally and physically challenging processes are taboo, associated with shame, fear, judgment, or exclusion, and take place in secrecy&nbsp;\u2013&nbsp;which can lead to isolation and suffering. I long for a fearless, diverse, and at the same time much more attentive culture of exchange about this complex subject, especially about those experiences that often remain unheard. For me, BIRTH FACTORY serves as an artistic counterpoint to this silence.<\/p>\n\n\n\n<figure class=\"wp-block-image size-large\"><img width=\"1100\" height=\"733\" loading=\"lazy\"src=\"https:\/\/www.neukoellneroper.de\/wp-content\/uploads\/2025\/12\/BIRTH-FACTORY_2026_Peter-van-Heesen-3-1100x733.jpg\" alt=\"\" class=\"wp-image-23609\" style=\"aspect-ratio:16\/9;object-fit:cover\" srcset=\"https:\/\/www.neukoellneroper.de\/wp-content\/uploads\/2025\/12\/BIRTH-FACTORY_2026_Peter-van-Heesen-3-1100x733.jpg 1100w, https:\/\/www.neukoellneroper.de\/wp-content\/uploads\/2025\/12\/BIRTH-FACTORY_2026_Peter-van-Heesen-3-768x512.jpg 768w, https:\/\/www.neukoellneroper.de\/wp-content\/uploads\/2025\/12\/BIRTH-FACTORY_2026_Peter-van-Heesen-3-1536x1024.jpg 1536w, https:\/\/www.neukoellneroper.de\/wp-content\/uploads\/2025\/12\/BIRTH-FACTORY_2026_Peter-van-Heesen-3-2048x1365.jpg 2048w, https:\/\/www.neukoellneroper.de\/wp-content\/uploads\/2025\/12\/BIRTH-FACTORY_2026_Peter-van-Heesen-3-50x33.jpg 50w\" sizes=\"auto, (max-width: 1100px) 100vw, 1100px\" \/><figcaption class=\"wp-element-caption\">\u00a9 Peter van Heesen<\/figcaption><\/figure>\n\n\n\n<div class=\"slider\" class=\"wp-block-acv-slider\"><\/div>\n\n\n\n<p><strong>NO<\/strong><br>For this, you actually let the voices of those affected speak for themselves.<\/p>\n\n\n\n<p><strong>AR<\/strong><br>My artistic approach is to bring stories from the city, from society, onto the stage&nbsp;\u2013&nbsp;without having them performed by non-professional actors or recounted by me as a performer. I want to hear the voice of the person who truly experienced it. At the beginning, we tried to gather experiences as broadly as possible, which in itself was a deeply moving process: people we spoke with told others in their circles about it, and suddenly strangers began reaching out to me who also wanted to share their stories&nbsp;\u2013&nbsp;often for the very first time. I\u2019m very grateful for that.<\/p>\n\n\n\n<p>But the search continues. In the future, the idea of BIRTH FACTORY is also to collect voices from the audience beforehand&nbsp;\u2013&nbsp;to let the voices of the people in the room flow into the performance.<\/p>\n\n\n\n<p><strong>NO<\/strong><br>How did you manage to bring these personal and diverse experiences and voices together as a piece for the stage?<\/p>\n\n\n\n<p><strong>AR<\/strong><br>The author Kathrin Liess developed the text by incorporating a mythological figure: Lilith, who was cast out of paradise by God because she refused to lie under Adam during sex and was condemned to give birth to 100 children every day&nbsp;\u2013&nbsp;meaning she has to relive every experience of birth in her own body again and again. And as a performer, I also become a kind of medium through which all these experiences are born.<\/p>\n\n\n\n<p>At the same time, musically so much is offered that you are placed into a kind of state of intoxication or trance. This creates a space in which judgment or condemnation becomes impossible, because we are not in our heads&nbsp;\u2013&nbsp;something is pounding in our bellies.<\/p>\n\n\n\n<figure class=\"wp-block-image size-large\"><img width=\"1100\" height=\"733\" loading=\"lazy\"src=\"https:\/\/www.neukoellneroper.de\/wp-content\/uploads\/2025\/12\/BIRTH-FACTORY_2026_Peter-van-Heesen-6-1100x733.jpg\" alt=\"\" class=\"wp-image-23610\" style=\"aspect-ratio:16\/9;object-fit:cover\" srcset=\"https:\/\/www.neukoellneroper.de\/wp-content\/uploads\/2025\/12\/BIRTH-FACTORY_2026_Peter-van-Heesen-6-1100x733.jpg 1100w, https:\/\/www.neukoellneroper.de\/wp-content\/uploads\/2025\/12\/BIRTH-FACTORY_2026_Peter-van-Heesen-6-768x512.jpg 768w, https:\/\/www.neukoellneroper.de\/wp-content\/uploads\/2025\/12\/BIRTH-FACTORY_2026_Peter-van-Heesen-6-1536x1024.jpg 1536w, https:\/\/www.neukoellneroper.de\/wp-content\/uploads\/2025\/12\/BIRTH-FACTORY_2026_Peter-van-Heesen-6-2048x1365.jpg 2048w, https:\/\/www.neukoellneroper.de\/wp-content\/uploads\/2025\/12\/BIRTH-FACTORY_2026_Peter-van-Heesen-6-50x33.jpg 50w\" sizes=\"auto, (max-width: 1100px) 100vw, 1100px\" \/><figcaption class=\"wp-element-caption\">\u00a9 Peter van Heesen<\/figcaption><\/figure>\n\n\n\n<p><strong>NO<\/strong><br>In BIRTH FACTORY, viola da gamba, lute, and harpsichord with synthesizers meet musically. What is the idea behind this unusual instrumentation?<\/p>\n\n\n\n<p><strong>GM<\/strong><br>We chose Baroque instruments because giving birth is, on the one hand, something so primal&nbsp;\u2013&nbsp;hence the turn toward the past. On the other hand, the piece is about the here and now, the shared moment, the people in the room. It was important to us that the music becomes physically tangible. The bass of the electronic music can be felt in the belly&nbsp;\u2013&nbsp;you might get the sense that something is beating inside you too: a heart, a story that wants to be told.<\/p>\n\n\n\n<p>This is only possible thanks to these fantastic musicians, Peter Florian Berndt and Dominik Tremel: they connect the Baroque instruments and the texts with electronic music. Even though the synthesizers are so complex that the performance can hardly be reproduced in exactly the same way, they manage every time to make everything interlock and set the heart, the stomach, the whole body vibrating.<\/p>\n\n\n\n<figure class=\"wp-block-image size-large\"><img width=\"1100\" height=\"733\" loading=\"lazy\"src=\"https:\/\/www.neukoellneroper.de\/wp-content\/uploads\/2025\/12\/BIRTH-FACTORY_2026_Peter-van-Heesen-8-1100x733.jpg\" alt=\"\" class=\"wp-image-23611\" srcset=\"https:\/\/www.neukoellneroper.de\/wp-content\/uploads\/2025\/12\/BIRTH-FACTORY_2026_Peter-van-Heesen-8-1100x733.jpg 1100w, https:\/\/www.neukoellneroper.de\/wp-content\/uploads\/2025\/12\/BIRTH-FACTORY_2026_Peter-van-Heesen-8-768x512.jpg 768w, https:\/\/www.neukoellneroper.de\/wp-content\/uploads\/2025\/12\/BIRTH-FACTORY_2026_Peter-van-Heesen-8-1536x1024.jpg 1536w, https:\/\/www.neukoellneroper.de\/wp-content\/uploads\/2025\/12\/BIRTH-FACTORY_2026_Peter-van-Heesen-8-2048x1365.jpg 2048w, https:\/\/www.neukoellneroper.de\/wp-content\/uploads\/2025\/12\/BIRTH-FACTORY_2026_Peter-van-Heesen-8-50x33.jpg 50w\" sizes=\"auto, (max-width: 1100px) 100vw, 1100px\" \/><figcaption class=\"wp-element-caption\">\u00a9 Peter van Heesen<\/figcaption><\/figure>\n\n\n\n<div style=\"height:25px\" aria-hidden=\"true\" class=\"wp-block-spacer\"><\/div>\n<\/div>\n<\/div>\n<\/div>\n\n\n\n<div class=\"wp-block-accordion-widget allow-multiple allow-close-all\">\n<div class=\"wp-block-accordion-item\">\n<h2 class=\"wp-block-heading\">Team<\/h2>\n\n\n\n<div class=\"wp-block-accordion-item-content\">\n<figure class=\"wp-block-image size-large\"><img width=\"1100\" height=\"733\" loading=\"lazy\"src=\"https:\/\/www.neukoellneroper.de\/wp-content\/uploads\/2025\/12\/BIRTH-FACTORY_2026_Peter-van-Heesen-4-1100x733.jpg\" alt=\"\" class=\"wp-image-23619\" style=\"aspect-ratio:16\/9;object-fit:cover\" srcset=\"https:\/\/www.neukoellneroper.de\/wp-content\/uploads\/2025\/12\/BIRTH-FACTORY_2026_Peter-van-Heesen-4-1100x733.jpg 1100w, https:\/\/www.neukoellneroper.de\/wp-content\/uploads\/2025\/12\/BIRTH-FACTORY_2026_Peter-van-Heesen-4-768x512.jpg 768w, https:\/\/www.neukoellneroper.de\/wp-content\/uploads\/2025\/12\/BIRTH-FACTORY_2026_Peter-van-Heesen-4-1536x1024.jpg 1536w, https:\/\/www.neukoellneroper.de\/wp-content\/uploads\/2025\/12\/BIRTH-FACTORY_2026_Peter-van-Heesen-4-2048x1365.jpg 2048w, https:\/\/www.neukoellneroper.de\/wp-content\/uploads\/2025\/12\/BIRTH-FACTORY_2026_Peter-van-Heesen-4-50x33.jpg 50w\" sizes=\"auto, (max-width: 1100px) 100vw, 1100px\" \/><figcaption class=\"wp-element-caption\">\u00a9 Peter van Heesen<\/figcaption><\/figure>\n\n\n\n<p class=\"has-fcfc-7-f-background-color has-background\"><strong>DIRECTION&nbsp;<\/strong>Anke Retzlaff&nbsp;<strong>TEXT <\/strong>Kathrin Liess&nbsp;<strong>DRAMATURGY <\/strong>Anke Retzlaff, Kathrin Liess, Caspar Weimann,&nbsp;Julia Jord\u00e0 Stoppelhaar <strong>AWARENESS<\/strong>&nbsp;Caspar Weimann <strong>INSTALLATION&nbsp;<\/strong>Philippe Waldecker <strong>PERFORMANCE, VIOLA DA GAMBA<\/strong>&nbsp;Anke Retzlaff <strong>LUTE, ELECTRONICS&nbsp;<\/strong>Peter Florian Berndt<strong>&nbsp;HARPSICORD, ELEKTRONICS<\/strong>&nbsp;Dominik Tremel <strong>PRODUCTION<\/strong> what if kollektiv<\/p>\n\n\n\n<p class=\"has-000000-color has-fcfc-7-f-background-color has-text-color has-background has-link-color wp-elements-27a25a7506e46de51819535e6959b4a7\"><strong>LIGHT <\/strong>Ralf Arndt <strong>SOUND <\/strong>Ronald Davila, Klim Losovsky <strong>STAGE MANAGEMENT<\/strong> Sophie Reavley, Regina Triebel&nbsp;<strong>SERVICE MANAGEMENT&nbsp;<\/strong>Vanda Hehr<\/p>\n\n\n\n<div style=\"height:25px\" aria-hidden=\"true\" class=\"wp-block-spacer\"><\/div>\n<\/div>\n<\/div>\n<\/div>\n\n\n\n<div class=\"wp-block-accordion-widget allow-multiple allow-close-all\">\n<div class=\"wp-block-accordion-item\">\n<h2 class=\"wp-block-heading\">BIOGRAphies<\/h2>\n\n\n\n<div class=\"wp-block-accordion-item-content\">\n<div class=\"wp-block-accordion-widget allow-multiple allow-close-all\">\n<div class=\"wp-block-accordion-item\">\n<h2 class=\"wp-block-heading\">Anke Retzlaff | Direction, Performance, Viola da Gamba<\/h2>\n\n\n\n<div class=\"wp-block-accordion-item-content\"><div class=\"wp-block-image is-style-rounded\">\n<figure class=\"aligncenter size-full\"><img width=\"2560\" height=\"1709\" loading=\"lazy\"src=\"https:\/\/www.neukoellneroper.de\/wp-content\/uploads\/2026\/02\/Anke-Retzlaff_Mirjam-Knickriem-scaled.jpg\" alt=\"Portrait von Anke Retzlaff.\" class=\"wp-image-23473\" style=\"aspect-ratio:3\/2;object-fit:cover\" srcset=\"https:\/\/www.neukoellneroper.de\/wp-content\/uploads\/2026\/02\/Anke-Retzlaff_Mirjam-Knickriem-scaled.jpg 2560w, https:\/\/www.neukoellneroper.de\/wp-content\/uploads\/2026\/02\/Anke-Retzlaff_Mirjam-Knickriem-1100x734.jpg 1100w, https:\/\/www.neukoellneroper.de\/wp-content\/uploads\/2026\/02\/Anke-Retzlaff_Mirjam-Knickriem-768x513.jpg 768w, https:\/\/www.neukoellneroper.de\/wp-content\/uploads\/2026\/02\/Anke-Retzlaff_Mirjam-Knickriem-1536x1025.jpg 1536w, https:\/\/www.neukoellneroper.de\/wp-content\/uploads\/2026\/02\/Anke-Retzlaff_Mirjam-Knickriem-2048x1367.jpg 2048w, https:\/\/www.neukoellneroper.de\/wp-content\/uploads\/2026\/02\/Anke-Retzlaff_Mirjam-Knickriem-50x33.jpg 50w\" sizes=\"auto, (max-width: 2560px) 100vw, 2560px\" \/><figcaption class=\"wp-element-caption\">\u00a9 Mirjam Knickriem<\/figcaption><\/figure>\n<\/div>\n\n\n<p>Anke Retzlaff is an actress, director, and musician. In her performances, she combines these different disciplines into a highly personal artistic signature. Her work is characterized by a high degree of interdisciplinarity and poetic expression, and it tours internationally at major music and theater festivals. In 2021, she was named \u201cBest Emerging Artist\u201d by Theater heute. For her role in the feature film <em>Puppe<\/em>, she was nominated for the New Faces Award as \u201cBest Emerging Actress,\u201d and in 2024 she received the Woody Award for the \u201cmost convincing portrayal of a fictional character\u201d in the film <em>DONNERSTAG<\/em>.<\/p>\n\n\n\n<div style=\"height:25px\" aria-hidden=\"true\" class=\"wp-block-spacer\"><\/div>\n<\/div>\n<\/div>\n<\/div>\n\n\n\n<div class=\"wp-block-accordion-widget allow-close-all\">\n<div class=\"wp-block-accordion-item\">\n<h2 class=\"wp-block-heading\">Kathrin Liess | Text, Dramaturgy<\/h2>\n\n\n\n<div class=\"wp-block-accordion-item-content\"><div class=\"wp-block-image is-style-rounded\">\n<figure class=\"aligncenter size-full\"><img width=\"1707\" height=\"2560\" loading=\"lazy\"src=\"https:\/\/www.neukoellneroper.de\/wp-content\/uploads\/2026\/03\/Kathrin-Liess-\u00a9-Stephie-Braun-2-scaled.jpg\" alt=\"\" class=\"wp-image-23625\" style=\"aspect-ratio:3\/2;object-fit:cover\" srcset=\"https:\/\/www.neukoellneroper.de\/wp-content\/uploads\/2026\/03\/Kathrin-Liess-\u00a9-Stephie-Braun-2-scaled.jpg 1707w, https:\/\/www.neukoellneroper.de\/wp-content\/uploads\/2026\/03\/Kathrin-Liess-\u00a9-Stephie-Braun-2-1100x1650.jpg 1100w, https:\/\/www.neukoellneroper.de\/wp-content\/uploads\/2026\/03\/Kathrin-Liess-\u00a9-Stephie-Braun-2-768x1152.jpg 768w, https:\/\/www.neukoellneroper.de\/wp-content\/uploads\/2026\/03\/Kathrin-Liess-\u00a9-Stephie-Braun-2-1024x1536.jpg 1024w, https:\/\/www.neukoellneroper.de\/wp-content\/uploads\/2026\/03\/Kathrin-Liess-\u00a9-Stephie-Braun-2-1365x2048.jpg 1365w, https:\/\/www.neukoellneroper.de\/wp-content\/uploads\/2026\/03\/Kathrin-Liess-\u00a9-Stephie-Braun-2-33x50.jpg 33w\" sizes=\"auto, (max-width: 1707px) 100vw, 1707px\" \/><figcaption class=\"wp-element-caption\">\u00a9 Stephie Braun<\/figcaption><\/figure>\n<\/div>\n\n\n<p>Kathrin K. Liess is a writer and translator. In her texts, she is always searching for the poetry in everyday life, untold stories, and often-overlooked perspectives. Her writing consists of multi-perspective, rhythmical language compositions, usually centered around complex female characters. Liess studied German and English studies in Graz as well as at the University of Bristol, England. She has translated works for, among others, Schauspielhaus Graz, Staatstheater Mainz, and the Ruhrtriennale. Her readings have taken her to, among other places, Literaturhaus Graz, Forum Stadtpark, and Lettr\u00e9tage Berlin. Liess primarily writes for the theater. Her plays have premiered at, among others, Staatstheater Mainz, Staatstheater Kassel, and at the Schall und Rausch festival of the Komische Oper Berlin, and have been invited to numerous festivals. Together with the writers\u2019 collective \u201cDie Plattform,\u201d she develops radio plays, audio walks, and multimedia reading formats. She is also a member of the what if collective.<\/p>\n\n\n\n<div style=\"height:25px\" aria-hidden=\"true\" class=\"wp-block-spacer\"><\/div>\n<\/div>\n<\/div>\n<\/div>\n\n\n\n<div class=\"wp-block-accordion-widget allow-close-all\">\n<div class=\"wp-block-accordion-item\">\n<h2 class=\"wp-block-heading\">Dominik Tremel | Cembalo, Elektronik<\/h2>\n\n\n\n<div class=\"wp-block-accordion-item-content\"><div class=\"wp-block-image is-style-rounded\">\n<figure class=\"aligncenter size-full\"><img width=\"2560\" height=\"1707\" loading=\"lazy\"src=\"https:\/\/www.neukoellneroper.de\/wp-content\/uploads\/2026\/03\/Dominik-Tremel-\u00a9-Marian-Lenhard_3zu2-scaled.jpg\" alt=\"\" class=\"wp-image-23635\" style=\"aspect-ratio:3\/2;object-fit:cover\" srcset=\"https:\/\/www.neukoellneroper.de\/wp-content\/uploads\/2026\/03\/Dominik-Tremel-\u00a9-Marian-Lenhard_3zu2-scaled.jpg 2560w, https:\/\/www.neukoellneroper.de\/wp-content\/uploads\/2026\/03\/Dominik-Tremel-\u00a9-Marian-Lenhard_3zu2-1100x733.jpg 1100w, https:\/\/www.neukoellneroper.de\/wp-content\/uploads\/2026\/03\/Dominik-Tremel-\u00a9-Marian-Lenhard_3zu2-768x512.jpg 768w, https:\/\/www.neukoellneroper.de\/wp-content\/uploads\/2026\/03\/Dominik-Tremel-\u00a9-Marian-Lenhard_3zu2-1536x1024.jpg 1536w, https:\/\/www.neukoellneroper.de\/wp-content\/uploads\/2026\/03\/Dominik-Tremel-\u00a9-Marian-Lenhard_3zu2-2048x1366.jpg 2048w, https:\/\/www.neukoellneroper.de\/wp-content\/uploads\/2026\/03\/Dominik-Tremel-\u00a9-Marian-Lenhard_3zu2-50x33.jpg 50w\" sizes=\"auto, (max-width: 2560px) 100vw, 2560px\" \/><figcaption class=\"wp-element-caption\">\u00a9 Marian Lenhard<\/figcaption><\/figure>\n<\/div>\n\n\n<p>Dominik Tremel is a musician. His instruments include piano, synthesizers, laboratory equipment, and electronic scrap. After studying conducting and music education at the University of Music W\u00fcrzburg (HfM W\u00fcrzburg), he initially worked as a r\u00e9p\u00e9titeur with conducting duties. Since 2017, he has been working freelance as a composer and live musician in theaters and in the field of experimental electroacoustic music, collaborating with, among others, Theater Gie\u00dfen, Theater Kiel, Theater Regensburg, the Wildwuchstheater Bamberg, and is a member of the ensemble Ernst von Leben. He maintains a close collaboration with the director Ana\u00efs Durand-Mauptit.<\/p>\n\n\n\n<p>In 2023, three of Dominik\u2019s pieces for symphony orchestra and live electronics were premiered by the Saarland State Orchestra. In 2024, <em>Bericht einer Zeitzeugin<\/em> for narrator, string quartet, and electronics (text by Felix Forsbach) premiered at the festival Augustusburg 1933\u20131945.<\/p>\n\n\n\n<div style=\"height:25px\" aria-hidden=\"true\" class=\"wp-block-spacer\"><\/div>\n<\/div>\n<\/div>\n<\/div>\n\n\n\n<div class=\"wp-block-accordion-widget allow-close-all\">\n<div class=\"wp-block-accordion-item\">\n<h2 class=\"wp-block-heading\">Peter Florian Berndt | Laute, Elektronik<\/h2>\n\n\n\n<div class=\"wp-block-accordion-item-content\"><div class=\"wp-block-image is-style-rounded\">\n<figure class=\"aligncenter size-full\"><img width=\"2560\" height=\"1707\" loading=\"lazy\"src=\"https:\/\/www.neukoellneroper.de\/wp-content\/uploads\/2026\/03\/Peter-Florian-Berndt-\u00a9-Marian-Lenhard_3zu2-scaled.jpg\" alt=\"\" class=\"wp-image-23634\" style=\"aspect-ratio:3\/2;object-fit:cover\" srcset=\"https:\/\/www.neukoellneroper.de\/wp-content\/uploads\/2026\/03\/Peter-Florian-Berndt-\u00a9-Marian-Lenhard_3zu2-scaled.jpg 2560w, https:\/\/www.neukoellneroper.de\/wp-content\/uploads\/2026\/03\/Peter-Florian-Berndt-\u00a9-Marian-Lenhard_3zu2-1100x733.jpg 1100w, https:\/\/www.neukoellneroper.de\/wp-content\/uploads\/2026\/03\/Peter-Florian-Berndt-\u00a9-Marian-Lenhard_3zu2-768x512.jpg 768w, https:\/\/www.neukoellneroper.de\/wp-content\/uploads\/2026\/03\/Peter-Florian-Berndt-\u00a9-Marian-Lenhard_3zu2-1536x1024.jpg 1536w, https:\/\/www.neukoellneroper.de\/wp-content\/uploads\/2026\/03\/Peter-Florian-Berndt-\u00a9-Marian-Lenhard_3zu2-2048x1366.jpg 2048w, https:\/\/www.neukoellneroper.de\/wp-content\/uploads\/2026\/03\/Peter-Florian-Berndt-\u00a9-Marian-Lenhard_3zu2-50x33.jpg 50w\" sizes=\"auto, (max-width: 2560px) 100vw, 2560px\" \/><figcaption class=\"wp-element-caption\">\u00a9 Marian Lenhard<\/figcaption><\/figure>\n<\/div>\n\n\n<p>Peter Florian Berndt is a freelance musician, sound designer, and performer. Most recently, he has worked as a theater musician at various stages, including D\u00fcsseldorfer Schauspielhaus and Theater Plauen-Zwickau. With the independent productions <em>Dream Machine<\/em> and <em>Send Me Up!<\/em>, he tours internationally. He is based in Bamberg, where he is a permanent member of the improvisational theater ensemble Ernst von Leben.<\/p>\n\n\n\n<div style=\"height:25px\" aria-hidden=\"true\" class=\"wp-block-spacer\"><\/div>\n<\/div>\n<\/div>\n<\/div>\n<\/div>\n<\/div>\n<\/div>\n","protected":false},"excerpt":{"rendered":"<p>Director, actress, and classically trained musician Anke Retzlaff&nbsp;\u2013&nbsp;acclaimed by cinema, television, and theater alike&nbsp;\u2013&nbsp;cuts a path through the thicket of audience voices together with her team. What is it about? The primal experience that connects us all: birth&nbsp;\u2013&nbsp;the most intensely intimate and at the same time socially monitored moment of life.<\/p>\n","protected":false},"author":15,"featured_media":23647,"parent":0,"menu_order":0,"comment_status":"closed","ping_status":"closed","template":"","meta":{"_teasertitle":"","_hidetitle":false,"_titletag":"","_marqueeTitle":false,"_subtitle":"AN Electronic-Baroque Concert Performance","_locale":"en_US","_original_post":"https:\/\/www.neukoellneroper.de\/?page_id=23623","_onepager":[],"_onepager_single":false,"_pinkie_id":23647,"footnotes":"","_post-color":[]},"class_list":["post-23637","page","type-page","status-publish","has-post-thumbnail","hentry","en-US"],"_links":{"self":[{"href":"https:\/\/www.neukoellneroper.de\/wp-json\/wp\/v2\/pages\/23637","targetHints":{"allow":["GET"]}}],"collection":[{"href":"https:\/\/www.neukoellneroper.de\/wp-json\/wp\/v2\/pages"}],"about":[{"href":"https:\/\/www.neukoellneroper.de\/wp-json\/wp\/v2\/types\/page"}],"author":[{"embeddable":true,"href":"https:\/\/www.neukoellneroper.de\/wp-json\/wp\/v2\/users\/15"}],"replies":[{"embeddable":true,"href":"https:\/\/www.neukoellneroper.de\/wp-json\/wp\/v2\/comments?post=23637"}],"version-history":[{"count":3,"href":"https:\/\/www.neukoellneroper.de\/wp-json\/wp\/v2\/pages\/23637\/revisions"}],"predecessor-version":[{"id":23657,"href":"https:\/\/www.neukoellneroper.de\/wp-json\/wp\/v2\/pages\/23637\/revisions\/23657"}],"wp:featuredmedia":[{"embeddable":true,"href":"https:\/\/www.neukoellneroper.de\/wp-json\/wp\/v2\/media\/23647"}],"wp:attachment":[{"href":"https:\/\/www.neukoellneroper.de\/wp-json\/wp\/v2\/media?parent=23637"}],"curies":[{"name":"wp","href":"https:\/\/api.w.org\/{rel}","templated":true}]}}