{"id":10280,"date":"2021-09-30T20:54:34","date_gmt":"2021-09-30T18:54:34","guid":{"rendered":"https:\/\/stage.neukoellneroper.de\/?post_type=play&#038;p=10280"},"modified":"2022-10-15T21:58:00","modified_gmt":"2022-10-15T19:58:00","slug":"das-lied-von-der-erde","status":"publish","type":"play","link":"https:\/\/www.neukoellneroper.de\/en\/performance\/das-lied-von-der-erde\/","title":{"rendered":"New songs From The Earth"},"content":{"rendered":"\n<figure class=\"wp-block-image size-large is-style-rounded\"><img width=\"1100\" height=\"619\" loading=\"lazy\"src=\"https:\/\/www.neukoellneroper.de\/wp-content\/uploads\/2022\/09\/PlakatbildNEUE-LIEDER-1-scaled-e1664198352336-1100x619.jpg\" alt=\"\" class=\"wp-image-13704\" srcset=\"https:\/\/www.neukoellneroper.de\/wp-content\/uploads\/2022\/09\/PlakatbildNEUE-LIEDER-1-scaled-e1664198352336-1100x619.jpg 1100w, https:\/\/www.neukoellneroper.de\/wp-content\/uploads\/2022\/09\/PlakatbildNEUE-LIEDER-1-scaled-e1664198352336-768x432.jpg 768w, https:\/\/www.neukoellneroper.de\/wp-content\/uploads\/2022\/09\/PlakatbildNEUE-LIEDER-1-scaled-e1664198352336-1536x864.jpg 1536w, https:\/\/www.neukoellneroper.de\/wp-content\/uploads\/2022\/09\/PlakatbildNEUE-LIEDER-1-scaled-e1664198352336-50x28.jpg 50w, https:\/\/www.neukoellneroper.de\/wp-content\/uploads\/2022\/09\/PlakatbildNEUE-LIEDER-1-scaled-e1664198352336.jpg 1920w\" sizes=\"auto, (max-width: 1100px) 100vw, 1100px\" \/><\/figure>\n\n\n\n<p><em>&#8220;The firmament blues eternally and the earth will stand firm for a long time and blossom in Lenz<\/em>&#8220;<em> <\/em>writes Gustav Mahler in 1907 in his legendary song cycle Das Lied von der Erde. How do you feel when you hear that? Together with the Stegreif Orchester and international authors, artists from the Neuk\u00f6llner Oper have set out to capture contemporary experiences, images and feelings about the concept of &#8220;Mother Earth&#8221; in a musical-scenic mosaic that quotes the original music and continues it in new compositions &#8211; symphonic and chamber music, with vocals and also purely instrumental.<\/p>\n\n\n\n<p>At the center is the fascination with Mahler&#8217;s work. Five composition teams from the impromptu orchestra have taken up motifs from individual movements of the song cycle and set to music those poems that five Syrian and German women authors wrote at our invitation in order to bring in their diverse perspectives on life. Now the hall of the Neuk\u00f6llner Oper is transformed into a kind of musical museum, through which two special guides lead us, and where a phoenix-like being watches us earthlings as if it came from another time. Mahler&#8217;s songs tell of man in the cyclical change of nature between spring and autumn, longing and despair &#8211; all these are reference points and inspirations for our NEW SONGS &#8211; a newly composed symphony about our earth, which we want to reflect, preserve and celebrate with you. Our project was scientifically accompanied by Prof. Dr. Martin Welp and students from the University for Sustainable Development Eberswalde as well as Dr. Manuel Rivera from IASS Potsdam, the renowned research institute for sustainability studies. The collaboration with the authors was curated by Netzwerk Weiter Schreiben and Haus f\u00fcr Poesie.<\/p>\n\n\n\n<p><strong>THE CONTRIBUTORS<br><\/strong>Already for the third time on our stage: after GIOVANNI. EINE PASSION and MOON MUSIC, the Stegreif Orchester can once again be experienced not only as an &#8220;Improvising Symphony Orchestra&#8221; (this time with an even larger cast!) but also as a composition collective &#8211; ten of the 22 singing, playing and music-making musicians have set poems to music that were created after joint workshops: Texts by Sam Zamrik, Abdalrahman Alqalaq and Widad Nabi, which also recount experiences of flight, war and new beginnings in Germany, as well as literary reflections of Mahler&#8217;s original by Sabine Scho and Daniela Danz, both of whom were awarded the German Prize for Nature Writing, among others. After LOVESICK, WAGNER FOR SALE, WHAT WOULD ZAPPA DO, choreographer, theater maker and dancer Sommer Ulrickson directs again at the Neuk\u00f6llner Oper, with stage design by Sabrina Rossetto (LA BETTLEROPERA, DIE FLEISCH a.o.) and costume design by Mireia Vila Soriano. For the first time on our stage, Isabel Wamig (dancer, soprano, violinist and singer-songwriter) and the Syrian performer The Darvish as well as Justus Wilcken (baritone, actor and composer) will sing, play and perform, most recently seen at the Humboldt Forum in MEXICO AURA as well as in GIOVANNI. EINE PASSION and MOON MUSIC.<\/p>\n\n\n\n<p class=\"has-text-align-left\"><strong>COMPOSITIONS <\/strong>Franziska Aller, Bertram Burkert, Alistair Duncan, Sebastian Lange, Paul Lapp, Valerie Leopold, Nikola Djurica, N\u00faria Rodr\u00edguez D\u00edaz, Hiromu Seifert, Anne Willem <strong>TEXTS<\/strong> Abdalrahman Alqalaq, Daniela Danz, Widad Nabi, Sabine Scho, Sam Zamrik <strong>MUSICAL DIRECTION<\/strong> Helena Montag, Nicola Djurica <strong>DIRECTION<\/strong> Sommer Ulrickson <strong>STAGE DESIGN<\/strong> Sabrina Rossetto <strong>COSTUME DESIGN<\/strong> Mireia Vila Soriano <strong>DRAMATURGY<\/strong> \u00c4nne-Marthe K\u00fchn, Bernhard Glocksin <strong>MUSICAL REHEARSAL<\/strong> Insa Bernds, Richard Schwennicke<\/p>\n\n\n\n<p><strong>WITH<\/strong> The Darvish, Isabel Wamig, Justus Wilcken and the members of the Stegreif Orchestra Leon Albert\/Fritz Bayer, J\u00falia Real Babi, Anne-Sophie Bereuter, Sebastian Casper, N\u00faria Rodr\u00edguez D\u00edaz, Nikola Djurica, Alistair Duncan, Fabian Engwicht, Leonie Flaksman, Anne Fliegel, Svea Gu\u00e9my, Luca H\u00f6hmann, Nina Kazourian, Sebastian Lange, Paul Lapp, Valerie Leopold, Elisabet Iserte L\u00f3pez\/Tabea Schrenk, Magdalena Lorenz, Bartosz Nowak, Mon Puo, Antonio Rivero, Hiromu Seifert, Sebastian Steinhilber<\/p>\n\n\n\n<div class=\"slider\" class=\"wp-block-acv-slider\"><figure class=\"wp-block-image size-large\"><img decoding=\"async\" loading=\"lazy\"data-id=\"14197\" src=\"https:\/\/www.neukoellneroper.de\/wp-content\/uploads\/2022\/10\/neue_lieder_v_d_erde_tk_9972-1100x802.jpg\" alt=\"\" title=\"\" width=\"1100\" height=\"802\"\/><figcaption class=\"slide-caption\"><\/figcaption><\/figure><figure class=\"wp-block-image size-large\"><img decoding=\"async\" loading=\"lazy\"data-id=\"14190\" src=\"https:\/\/www.neukoellneroper.de\/wp-content\/uploads\/2022\/10\/neue_lieder_v_d_erde_tk_0337-scaled-e1665863609500-1100x789.jpg\" alt=\"\" title=\"\" width=\"1100\" height=\"789\"\/><figcaption class=\"slide-caption\"><\/figcaption><\/figure><figure class=\"wp-block-image size-large\"><img decoding=\"async\" loading=\"lazy\"data-id=\"14196\" src=\"https:\/\/www.neukoellneroper.de\/wp-content\/uploads\/2022\/10\/neue_lieder_v_d_erde_tk_9924-1100x733.jpg\" alt=\"\" title=\"\" width=\"1100\" height=\"733\"\/><figcaption class=\"slide-caption\"><\/figcaption><\/figure><figure class=\"wp-block-image size-large\"><img decoding=\"async\" loading=\"lazy\"data-id=\"14195\" src=\"https:\/\/www.neukoellneroper.de\/wp-content\/uploads\/2022\/10\/neue_lieder_v_d_erde_tk_9859-1100x710.jpg\" alt=\"\" title=\"\" width=\"1100\" height=\"710\"\/><figcaption class=\"slide-caption\"><\/figcaption><\/figure><figure class=\"wp-block-image size-large\"><img decoding=\"async\" loading=\"lazy\"data-id=\"14194\" src=\"https:\/\/www.neukoellneroper.de\/wp-content\/uploads\/2022\/10\/neue_lieder_v_d_erde_tk_9821-1100x608.jpg\" alt=\"\" title=\"\" width=\"1100\" height=\"608\"\/><figcaption class=\"slide-caption\"><\/figcaption><\/figure><figure class=\"wp-block-image size-large\"><img decoding=\"async\" loading=\"lazy\"data-id=\"14193\" src=\"https:\/\/www.neukoellneroper.de\/wp-content\/uploads\/2022\/10\/neue_lieder_v_d_erde_tk_9752-scaled-e1665863560472-1100x672.jpg\" alt=\"\" title=\"\" width=\"1100\" height=\"672\"\/><figcaption class=\"slide-caption\"><\/figcaption><\/figure><figure class=\"wp-block-image size-large\"><img decoding=\"async\" loading=\"lazy\"data-id=\"14191\" src=\"https:\/\/www.neukoellneroper.de\/wp-content\/uploads\/2022\/10\/neue_lieder_v_d_erde_tk_1639-1100x733.jpg\" alt=\"\" title=\"\" width=\"1100\" height=\"733\"\/><figcaption class=\"slide-caption\"><\/figcaption><\/figure><figure class=\"wp-block-image size-large\"><img decoding=\"async\" loading=\"lazy\"data-id=\"14189\" src=\"https:\/\/www.neukoellneroper.de\/wp-content\/uploads\/2022\/10\/neue_lieder_v_d_erde_tk_0307-1100x733.jpg\" alt=\"\" title=\"\" width=\"1100\" height=\"733\"\/><figcaption class=\"slide-caption\"><\/figcaption><\/figure><figure class=\"wp-block-image size-large\"><img decoding=\"async\" loading=\"lazy\"data-id=\"14188\" src=\"https:\/\/www.neukoellneroper.de\/wp-content\/uploads\/2022\/10\/neue_lieder_v_d_erde_tk_0232-1100x733.jpg\" alt=\"\" title=\"\" width=\"1100\" height=\"733\"\/><figcaption class=\"slide-caption\"><\/figcaption><\/figure><figure class=\"wp-block-image size-large\"><img decoding=\"async\" loading=\"lazy\"data-id=\"14187\" src=\"https:\/\/www.neukoellneroper.de\/wp-content\/uploads\/2022\/10\/neue_lieder_v_d_erde_tk_0209-1100x733.jpg\" alt=\"\" title=\"\" width=\"1100\" height=\"733\"\/><figcaption class=\"slide-caption\"><\/figcaption><\/figure><figure class=\"wp-block-image size-large\"><img decoding=\"async\" loading=\"lazy\"data-id=\"14186\" src=\"https:\/\/www.neukoellneroper.de\/wp-content\/uploads\/2022\/10\/neue_lieder_v_d_erde_tk_0135-1100x1222.jpg\" alt=\"\" title=\"\" width=\"1100\" height=\"1222\"\/><figcaption class=\"slide-caption\"><\/figcaption><\/figure><figure class=\"wp-block-image size-large\"><img decoding=\"async\" loading=\"lazy\"data-id=\"14185\" src=\"https:\/\/www.neukoellneroper.de\/wp-content\/uploads\/2022\/10\/neue_lieder_v_d_erde_tk_0073-1100x1650.jpg\" alt=\"\" title=\"\" width=\"1100\" height=\"1650\"\/><figcaption class=\"slide-caption\"><\/figcaption><\/figure><figure class=\"wp-block-image size-large\"><img decoding=\"async\" loading=\"lazy\"data-id=\"14184\" src=\"https:\/\/www.neukoellneroper.de\/wp-content\/uploads\/2022\/10\/neue_lieder_v_d_erde_tk_0005-1100x695.jpg\" alt=\"\" title=\"\" width=\"1100\" height=\"695\"\/><figcaption class=\"slide-caption\"><\/figcaption><\/figure><\/div>\n\n\n\n<p class=\"has-text-align-right has-small-font-size\">\u00a9 Thomas Koy<\/p>\n\n\n\n<div class=\"wp-block-buttons is-layout-flex wp-block-buttons-is-layout-flex\">\n<div class=\"wp-block-button is-style-outline is-style-outline--1\"><a class=\"wp-block-button__link\">Doors open 7.45 pm<\/a><\/div>\n\n\n\n<div class=\"wp-block-button is-style-outline is-style-outline--2\"><a class=\"wp-block-button__link has-8777-b-2-background-color has-background\">In German And English with English Surtitles<\/a><\/div>\n<\/div>\n\n\n\n<p class=\"has-text-align-center has-ffffff-color has-00-aa-4-f-background-color has-text-color has-background\" id=\"block-70ae9639-625e-43d9-8e15-b063812efec5\"><strong>World premiere on 15 Oktober 2022. Until 12 November 2022<\/strong><\/p>\n\n\n\n<p class=\"has-text-align-center\">A project by Neuk\u00f6llner Oper and<\/p>\n\n\n<div class=\"wp-block-image\">\n<figure class=\"aligncenter size-large is-resized\"><img loading=\"lazy\"src=\"https:\/\/www.neukoellneroper.de\/wp-content\/uploads\/2022\/09\/Logo_Stegreif_1-1100x399.png\" alt=\"\" class=\"wp-image-13570\" width=\"504\" height=\"183\" srcset=\"https:\/\/www.neukoellneroper.de\/wp-content\/uploads\/2022\/09\/Logo_Stegreif_1-1100x399.png 1100w, https:\/\/www.neukoellneroper.de\/wp-content\/uploads\/2022\/09\/Logo_Stegreif_1-768x279.png 768w, https:\/\/www.neukoellneroper.de\/wp-content\/uploads\/2022\/09\/Logo_Stegreif_1-1536x557.png 1536w, https:\/\/www.neukoellneroper.de\/wp-content\/uploads\/2022\/09\/Logo_Stegreif_1-2048x743.png 2048w, https:\/\/www.neukoellneroper.de\/wp-content\/uploads\/2022\/09\/Logo_Stegreif_1-50x18.png 50w\" sizes=\"auto, (max-width: 504px) 100vw, 504px\" \/><\/figure>\n<\/div>\n\n\n<p class=\"has-text-align-center\">Kindly supported by<\/p>\n\n\n\n<figure class=\"wp-block-image size-large is-resized\"><a href=\"www.karlschlechtstiftung.de  \"><img loading=\"lazy\"src=\"https:\/\/www.neukoellneroper.de\/wp-content\/uploads\/2022\/08\/KSG_Logo_transp_rgb-1100x279.png\" alt=\"\" class=\"wp-image-13517\" width=\"455\" height=\"114\" srcset=\"https:\/\/www.neukoellneroper.de\/wp-content\/uploads\/2022\/08\/KSG_Logo_transp_rgb-1100x279.png 1100w, https:\/\/www.neukoellneroper.de\/wp-content\/uploads\/2022\/08\/KSG_Logo_transp_rgb-768x194.png 768w, https:\/\/www.neukoellneroper.de\/wp-content\/uploads\/2022\/08\/KSG_Logo_transp_rgb-1536x389.png 1536w, https:\/\/www.neukoellneroper.de\/wp-content\/uploads\/2022\/08\/KSG_Logo_transp_rgb-50x13.png 50w, https:\/\/www.neukoellneroper.de\/wp-content\/uploads\/2022\/08\/KSG_Logo_transp_rgb.png 1923w\" sizes=\"auto, (max-width: 455px) 100vw, 455px\" \/><\/a><\/figure>\n\n\n\n<figure class=\"wp-block-image size-full\"><img loading=\"lazy\"src=\"https:\/\/www.neukoellneroper.de\/wp-content\/uploads\/2022\/09\/logo_hkf.svg\" alt=\"\" class=\"wp-image-13569\"\/><\/figure>\n\n\n\n<p class=\"has-text-align-center\">Foto: \u00a9 Thomas Koy, Collage: Katja Schlecht<\/p>\n","protected":false},"excerpt":{"rendered":"<p>&#8220;The firmament blues eternally and the earth will stand firm for a long time and blossom in Lenz&#8220; writes Gustav Mahler in 1907 in his legendary song cycle Das Lied von der Erde. How do you feel when you hear that? Together with the Stegreif Orchester and international authors, artists from the Neuk\u00f6llner Oper have [&hellip;]<\/p>\n","protected":false},"featured_media":13566,"parent":0,"template":"","meta":{"_subtitle":"MUSICTHEATRE BY NEUK\u00d6LLNER OPER, STEGREIF \u2013 THE IMPROVISING<br>SYMPHONY ORCHESTRA And SYRIAN AND GERMAN AUTHORS","_locale":"en_US","_original_post":"https:\/\/www.neukoellneroper.de\/?post_type=play&p=10243","_performance_start":"2022-10-15T00:00:00","_performance_end":"2022-11-12T23:59:59","_performance_bilettix_event_id":"67","_performance_sales_info":"","_performance_sold_out_info":"","_performance_premiereless":false,"_pinkie_id":0,"_cast":[10988],"footnotes":""},"event_type":[28],"event_format":[],"class_list":["post-10280","play","type-play","status-publish","has-post-thumbnail","hentry","event_type-buehnenstueck","en-US"],"_links":{"self":[{"href":"https:\/\/www.neukoellneroper.de\/wp-json\/wp\/v2\/play\/10280","targetHints":{"allow":["GET"]}}],"collection":[{"href":"https:\/\/www.neukoellneroper.de\/wp-json\/wp\/v2\/play"}],"about":[{"href":"https:\/\/www.neukoellneroper.de\/wp-json\/wp\/v2\/types\/play"}],"version-history":[{"count":9,"href":"https:\/\/www.neukoellneroper.de\/wp-json\/wp\/v2\/play\/10280\/revisions"}],"predecessor-version":[{"id":14201,"href":"https:\/\/www.neukoellneroper.de\/wp-json\/wp\/v2\/play\/10280\/revisions\/14201"}],"wp:featuredmedia":[{"embeddable":true,"href":"https:\/\/www.neukoellneroper.de\/wp-json\/wp\/v2\/media\/13566"}],"wp:attachment":[{"href":"https:\/\/www.neukoellneroper.de\/wp-json\/wp\/v2\/media?parent=10280"}],"wp:term":[{"taxonomy":"event_type","embeddable":true,"href":"https:\/\/www.neukoellneroper.de\/wp-json\/wp\/v2\/event_type?post=10280"},{"taxonomy":"event_format","embeddable":true,"href":"https:\/\/www.neukoellneroper.de\/wp-json\/wp\/v2\/event_format?post=10280"}],"curies":[{"name":"wp","href":"https:\/\/api.w.org\/{rel}","templated":true}]}}